{"id":50,"date":"2024-11-28T15:12:39","date_gmt":"2024-11-28T14:12:39","guid":{"rendered":"https:\/\/printlayout-und-webdesign.de\/EVP\/?page_id=50"},"modified":"2024-12-06T15:32:46","modified_gmt":"2024-12-06T14:32:46","slug":"grundschule","status":"publish","type":"page","link":"https:\/\/printlayout-und-webdesign.de\/EVP\/grundschule\/","title":{"rendered":"Grundschule"},"content":{"rendered":"<div id=\"pl-50\"  class=\"panel-layout\" ><div id=\"pg-50-0\"  class=\"panel-grid panel-no-style\" ><div id=\"pgc-50-0-0\"  class=\"panel-grid-cell\" ><div id=\"panel-50-0-0-0\" class=\"so-panel widget widget_sow-editor panel-first-child\" data-index=\"0\" ><div\n\t\t\t\n\t\t\tclass=\"so-widget-sow-editor so-widget-sow-editor-base\"\n\t\t\t\n\t\t><h3 class=\"widget-title\">Musikunterricht<\/h3>\n<div class=\"siteorigin-widget-tinymce textwidget\">\n\t<p>Am Freitag, dem 29.11.2024, besuchten wir die 5a im ersten Block mit ihrer Musiklehrerin Frau Franz. Erst haben sie das Lied \"Mein kleiner gr\u00fcner Kaktus\" gesungen und sich dazu Gestiken \u00fcberlegt, was ihr im Video auch sehen k\u00f6nnt. Anschlie\u00dfend haben sie sich mit der Musiktheorie der Holzblasinstrumente besch\u00e4ftigt. Zum Schluss konnten wir noch ein Interview mit Frau Franz und ein paar Kindern f\u00fchren.<\/p>\n<\/div>\n<\/div><\/div><div id=\"panel-50-0-0-1\" class=\"so-panel widget widget_sow-editor\" data-index=\"1\" ><div\n\t\t\t\n\t\t\tclass=\"so-widget-sow-editor so-widget-sow-editor-base\"\n\t\t\t\n\t\t>\n<div class=\"siteorigin-widget-tinymce textwidget\">\n\t<p><a href=\"https:\/\/printlayout-und-webdesign.de\/EVP\/wp-content\/uploads\/2024\/12\/1733129999758-img_1390-scaled.jpeg\" rel=\"abc\"><img loading=\"lazy\" decoding=\"async\" class=\"alignnone wp-image-91 size-thumbnail\" src=\"https:\/\/printlayout-und-webdesign.de\/EVP\/wp-content\/uploads\/2024\/12\/1733129999758-img_1390-150x150.jpeg\" alt=\"\" width=\"150\" height=\"150\" srcset=\"https:\/\/printlayout-und-webdesign.de\/EVP\/wp-content\/uploads\/2024\/12\/1733129999758-img_1390-150x150.jpeg 150w, https:\/\/printlayout-und-webdesign.de\/EVP\/wp-content\/uploads\/2024\/12\/1733129999758-img_1390-300x300.jpeg 300w, https:\/\/printlayout-und-webdesign.de\/EVP\/wp-content\/uploads\/2024\/12\/1733129999758-img_1390-75x75.jpeg 75w\" sizes=\"auto, (max-width: 150px) 100vw, 150px\" \/><\/a> <a href=\"https:\/\/printlayout-und-webdesign.de\/EVP\/wp-content\/uploads\/2024\/12\/IMG_20241129_093157-scaled.jpg\" rel=\"abc\"><img loading=\"lazy\" decoding=\"async\" class=\"alignnone wp-image-92 size-thumbnail\" src=\"https:\/\/printlayout-und-webdesign.de\/EVP\/wp-content\/uploads\/2024\/12\/IMG_20241129_093157-150x150.jpg\" alt=\"\" width=\"150\" height=\"150\" srcset=\"https:\/\/printlayout-und-webdesign.de\/EVP\/wp-content\/uploads\/2024\/12\/IMG_20241129_093157-150x150.jpg 150w, https:\/\/printlayout-und-webdesign.de\/EVP\/wp-content\/uploads\/2024\/12\/IMG_20241129_093157-300x300.jpg 300w, https:\/\/printlayout-und-webdesign.de\/EVP\/wp-content\/uploads\/2024\/12\/IMG_20241129_093157-75x75.jpg 75w\" sizes=\"auto, (max-width: 150px) 100vw, 150px\" \/><\/a><\/p>\n<\/div>\n<\/div><\/div><div id=\"panel-50-0-0-2\" class=\"so-panel widget widget_sow-video\" data-index=\"2\" ><div\n\t\t\t\n\t\t\tclass=\"so-widget-sow-video so-widget-sow-video-default-f379b959fc93-50\"\n\t\t\t\n\t\t>\n<div class=\"sow-video-wrapper\n\">\n\t\t\t<video\n\t\t\tid=\"sow-player-1\" class=\"sow-video-widget\" preload=\"auto\" style=\"width:100%;height:100%;\" controls \t\t>\n\t\t\t\t\t\t\t<source type=\"video\/mp4\" src=\"https:\/\/printlayout-und-webdesign.de\/EVP\/wp-content\/uploads\/2024\/12\/musikunterricht.mp4\"\/>\n\t\t\t\t\t<\/video>\n\t<\/div>\n<\/div><\/div><div id=\"panel-50-0-0-3\" class=\"so-panel widget widget_sow-editor panel-last-child\" data-index=\"3\" ><div\n\t\t\t\n\t\t\tclass=\"so-widget-sow-editor so-widget-sow-editor-base\"\n\t\t\t\n\t\t><h3 class=\"widget-title\">Schulchor<\/h3>\n<div class=\"siteorigin-widget-tinymce textwidget\">\n\t<p>Am Montag, dem 2.12.2024, haben wir den Schulchor besucht und uns ein paar der St\u00fccke angesehen. Ein paar Ausschnitte der Probe seht ihr in den Videos unten.<\/p>\n<\/div>\n<\/div><\/div><\/div><\/div><div id=\"pg-50-1\"  class=\"panel-grid panel-no-style\" ><div id=\"pgc-50-1-0\"  class=\"panel-grid-cell\" ><div id=\"panel-50-1-0-0\" class=\"so-panel widget widget_sow-video panel-first-child panel-last-child\" data-index=\"4\" ><div\n\t\t\t\n\t\t\tclass=\"so-widget-sow-video so-widget-sow-video-default-f379b959fc93-50\"\n\t\t\t\n\t\t>\n<div class=\"sow-video-wrapper\n\">\n\t\t\t<video\n\t\t\tid=\"sow-player-2\" class=\"sow-video-widget\" preload=\"auto\" style=\"width:100%;height:100%;\" controls \t\t>\n\t\t\t\t\t\t\t<source type=\"video\/mp4\" src=\"https:\/\/printlayout-und-webdesign.de\/EVP\/wp-content\/uploads\/2024\/12\/Schulchor1.mp4\"\/>\n\t\t\t\t\t<\/video>\n\t<\/div>\n<\/div><\/div><\/div><div id=\"pgc-50-1-1\"  class=\"panel-grid-cell\" ><div id=\"panel-50-1-1-0\" class=\"so-panel widget widget_sow-video panel-first-child panel-last-child\" data-index=\"5\" ><div\n\t\t\t\n\t\t\tclass=\"so-widget-sow-video so-widget-sow-video-default-f379b959fc93-50\"\n\t\t\t\n\t\t>\n<div class=\"sow-video-wrapper\n\">\n\t\t\t<video\n\t\t\tid=\"sow-player-3\" class=\"sow-video-widget\" preload=\"auto\" style=\"width:100%;height:100%;\" controls \t\t>\n\t\t\t\t\t\t\t<source type=\"video\/mp4\" src=\"https:\/\/printlayout-und-webdesign.de\/EVP\/wp-content\/uploads\/2024\/12\/Schulchor2.mp4\"\/>\n\t\t\t\t\t<\/video>\n\t<\/div>\n<\/div><\/div><\/div><div id=\"pgc-50-1-2\"  class=\"panel-grid-cell\" ><div id=\"panel-50-1-2-0\" class=\"so-panel widget widget_sow-video panel-first-child panel-last-child\" data-index=\"6\" ><div\n\t\t\t\n\t\t\tclass=\"so-widget-sow-video so-widget-sow-video-default-f379b959fc93-50\"\n\t\t\t\n\t\t>\n<div class=\"sow-video-wrapper\n\">\n\t\t\t<video\n\t\t\tid=\"sow-player-4\" class=\"sow-video-widget\" preload=\"auto\" style=\"width:100%;height:100%;\" controls \t\t>\n\t\t\t\t\t\t\t<source type=\"video\/mp4\" src=\"https:\/\/printlayout-und-webdesign.de\/EVP\/wp-content\/uploads\/2024\/12\/Schulchor3.mp4\"\/>\n\t\t\t\t\t<\/video>\n\t<\/div>\n<\/div><\/div><\/div><div id=\"pgc-50-1-3\"  class=\"panel-grid-cell\" ><div id=\"panel-50-1-3-0\" class=\"so-panel widget widget_sow-video panel-first-child panel-last-child\" data-index=\"7\" ><div\n\t\t\t\n\t\t\tclass=\"so-widget-sow-video so-widget-sow-video-default-f379b959fc93-50\"\n\t\t\t\n\t\t>\n<div class=\"sow-video-wrapper\n\">\n\t\t\t<video\n\t\t\tid=\"sow-player-5\" class=\"sow-video-widget\" preload=\"auto\" style=\"width:100%;height:100%;\" controls \t\t>\n\t\t\t\t\t\t\t<source type=\"video\/mp4\" src=\"https:\/\/printlayout-und-webdesign.de\/EVP\/wp-content\/uploads\/2024\/12\/Schulchor4.mp4\"\/>\n\t\t\t\t\t<\/video>\n\t<\/div>\n<\/div><\/div><\/div><\/div><div id=\"pg-50-2\"  class=\"panel-grid panel-no-style\" ><div id=\"pgc-50-2-0\"  class=\"panel-grid-cell\" ><div id=\"panel-50-2-0-0\" class=\"so-panel widget widget_sow-editor panel-first-child\" data-index=\"8\" ><div\n\t\t\t\n\t\t\tclass=\"so-widget-sow-editor so-widget-sow-editor-base\"\n\t\t\t\n\t\t><h3 class=\"widget-title\">HipHop-AG<\/h3>\n<div class=\"siteorigin-widget-tinymce textwidget\">\n\t<p>An unserem ersten Praktikumstag sind wir zu unserer ehemaligen Grundschule gegangen, um die HipHop-AG zu besuchen. Im Montagstraining haben wir die ersten Klassen bei ihrem Training begleitet und ein Interview mit der Tanzlehrerin Ellen Kokert sowie ein paar Viertkl\u00e4sslern aus einem anderen Kurs gef\u00fchrt. Die Interviews und einige kleine Ausschnitte des K\u00f6nnens der Kleinen gibt es im Folgenden.<\/p>\n<\/div>\n<\/div><\/div><div id=\"panel-50-2-0-1\" class=\"so-panel widget widget_sow-editor\" data-index=\"9\" ><div\n\t\t\t\n\t\t\tclass=\"so-widget-sow-editor so-widget-sow-editor-base\"\n\t\t\t\n\t\t>\n<div class=\"siteorigin-widget-tinymce textwidget\">\n\t<p><a href=\"https:\/\/printlayout-und-webdesign.de\/EVP\/wp-content\/uploads\/2024\/12\/1732727407381-img_1326-scaled.jpeg\" rel=\"def\"><img loading=\"lazy\" decoding=\"async\" class=\"alignnone wp-image-96 size-thumbnail\" src=\"https:\/\/printlayout-und-webdesign.de\/EVP\/wp-content\/uploads\/2024\/12\/1732727407381-img_1326-150x150.jpeg\" alt=\"\" width=\"150\" height=\"150\" srcset=\"https:\/\/printlayout-und-webdesign.de\/EVP\/wp-content\/uploads\/2024\/12\/1732727407381-img_1326-150x150.jpeg 150w, https:\/\/printlayout-und-webdesign.de\/EVP\/wp-content\/uploads\/2024\/12\/1732727407381-img_1326-300x300.jpeg 300w, https:\/\/printlayout-und-webdesign.de\/EVP\/wp-content\/uploads\/2024\/12\/1732727407381-img_1326-75x75.jpeg 75w\" sizes=\"auto, (max-width: 150px) 100vw, 150px\" \/><\/a> <a href=\"https:\/\/printlayout-und-webdesign.de\/EVP\/wp-content\/uploads\/2024\/12\/1732727407423-img_1325-scaled.jpeg\" rel=\"def\"><img loading=\"lazy\" decoding=\"async\" class=\"alignnone wp-image-97 size-thumbnail\" src=\"https:\/\/printlayout-und-webdesign.de\/EVP\/wp-content\/uploads\/2024\/12\/1732727407423-img_1325-150x150.jpeg\" alt=\"\" width=\"150\" height=\"150\" srcset=\"https:\/\/printlayout-und-webdesign.de\/EVP\/wp-content\/uploads\/2024\/12\/1732727407423-img_1325-150x150.jpeg 150w, https:\/\/printlayout-und-webdesign.de\/EVP\/wp-content\/uploads\/2024\/12\/1732727407423-img_1325-300x300.jpeg 300w, https:\/\/printlayout-und-webdesign.de\/EVP\/wp-content\/uploads\/2024\/12\/1732727407423-img_1325-75x75.jpeg 75w\" sizes=\"auto, (max-width: 150px) 100vw, 150px\" \/><\/a> <a href=\"https:\/\/printlayout-und-webdesign.de\/EVP\/wp-content\/uploads\/2024\/12\/IMG_1328-scaled.jpg\" rel=\"def\"><img loading=\"lazy\" decoding=\"async\" class=\"alignnone wp-image-98 size-thumbnail\" src=\"https:\/\/printlayout-und-webdesign.de\/EVP\/wp-content\/uploads\/2024\/12\/IMG_1328-150x150.jpg\" alt=\"\" width=\"150\" height=\"150\" srcset=\"https:\/\/printlayout-und-webdesign.de\/EVP\/wp-content\/uploads\/2024\/12\/IMG_1328-150x150.jpg 150w, https:\/\/printlayout-und-webdesign.de\/EVP\/wp-content\/uploads\/2024\/12\/IMG_1328-300x300.jpg 300w, https:\/\/printlayout-und-webdesign.de\/EVP\/wp-content\/uploads\/2024\/12\/IMG_1328-75x75.jpg 75w\" sizes=\"auto, (max-width: 150px) 100vw, 150px\" \/><\/a> <a href=\"https:\/\/printlayout-und-webdesign.de\/EVP\/wp-content\/uploads\/2024\/12\/IMG_1329-scaled.jpg\" rel=\"def\"><img loading=\"lazy\" decoding=\"async\" class=\"alignnone wp-image-99 size-thumbnail\" src=\"https:\/\/printlayout-und-webdesign.de\/EVP\/wp-content\/uploads\/2024\/12\/IMG_1329-150x150.jpg\" alt=\"\" width=\"150\" height=\"150\" srcset=\"https:\/\/printlayout-und-webdesign.de\/EVP\/wp-content\/uploads\/2024\/12\/IMG_1329-150x150.jpg 150w, https:\/\/printlayout-und-webdesign.de\/EVP\/wp-content\/uploads\/2024\/12\/IMG_1329-300x300.jpg 300w, https:\/\/printlayout-und-webdesign.de\/EVP\/wp-content\/uploads\/2024\/12\/IMG_1329-75x75.jpg 75w\" sizes=\"auto, (max-width: 150px) 100vw, 150px\" \/><\/a><\/p>\n<\/div>\n<\/div><\/div><div id=\"panel-50-2-0-2\" class=\"so-panel widget widget_sow-video panel-last-child\" data-index=\"10\" ><div\n\t\t\t\n\t\t\tclass=\"so-widget-sow-video so-widget-sow-video-default-f379b959fc93-50\"\n\t\t\t\n\t\t>\n<div class=\"sow-video-wrapper\n\">\n\t\t\t<video\n\t\t\tid=\"sow-player-6\" class=\"sow-video-widget\" preload=\"auto\" style=\"width:100%;height:100%;\" controls \t\t>\n\t\t\t\t\t\t\t<source type=\"video\/mp4\" src=\"https:\/\/printlayout-und-webdesign.de\/EVP\/wp-content\/uploads\/2024\/12\/hipshops.mp4\"\/>\n\t\t\t\t\t<\/video>\n\t<\/div>\n<\/div><\/div><\/div><\/div><div id=\"pg-50-3\"  class=\"panel-grid panel-no-style\" ><div id=\"pgc-50-3-0\"  class=\"panel-grid-cell\" ><div id=\"panel-50-3-0-0\" class=\"so-panel widget widget_sow-editor panel-first-child\" data-index=\"11\" ><div\n\t\t\t\n\t\t\tclass=\"so-widget-sow-editor so-widget-sow-editor-base\"\n\t\t\t\n\t\t><h3 class=\"widget-title\">Musikschule Fr\u00f6hlich<\/h3>\n<div class=\"siteorigin-widget-tinymce textwidget\">\n\t<p>Am Donnerstag, dem 28.11.2024, haben wir die Musischule Fr\u00f6hlich begleitet und ein Interview mit der Musiklehrerin Nadine Pahlitzsch und zwei beteiligten Kindern gef\u00fchrt. Sie haben ihre St\u00fccke geprobt und angefangen, sich ein neues Weihnachtslied zu erarbeiten. Das und Weiteres seht ihr im Video unten.<\/p>\n<\/div>\n<\/div><\/div><div id=\"panel-50-3-0-1\" class=\"so-panel widget widget_sow-editor\" data-index=\"12\" ><div\n\t\t\t\n\t\t\tclass=\"so-widget-sow-editor so-widget-sow-editor-base\"\n\t\t\t\n\t\t>\n<div class=\"siteorigin-widget-tinymce textwidget\">\n\t<p><a href=\"https:\/\/printlayout-und-webdesign.de\/EVP\/wp-content\/uploads\/2024\/12\/1733130082024-img_1384-scaled.jpeg\" rel=\"ghi\"><img loading=\"lazy\" decoding=\"async\" class=\"alignnone wp-image-102 size-thumbnail\" src=\"https:\/\/printlayout-und-webdesign.de\/EVP\/wp-content\/uploads\/2024\/12\/1733130082024-img_1384-150x150.jpeg\" alt=\"\" width=\"150\" height=\"150\" srcset=\"https:\/\/printlayout-und-webdesign.de\/EVP\/wp-content\/uploads\/2024\/12\/1733130082024-img_1384-150x150.jpeg 150w, https:\/\/printlayout-und-webdesign.de\/EVP\/wp-content\/uploads\/2024\/12\/1733130082024-img_1384-300x300.jpeg 300w, https:\/\/printlayout-und-webdesign.de\/EVP\/wp-content\/uploads\/2024\/12\/1733130082024-img_1384-75x75.jpeg 75w\" sizes=\"auto, (max-width: 150px) 100vw, 150px\" \/><\/a> <a href=\"https:\/\/printlayout-und-webdesign.de\/EVP\/wp-content\/uploads\/2024\/12\/1733130082068-img_1382-scaled.jpeg\" rel=\"ghi\"><img loading=\"lazy\" decoding=\"async\" class=\"alignnone wp-image-103 size-thumbnail\" src=\"https:\/\/printlayout-und-webdesign.de\/EVP\/wp-content\/uploads\/2024\/12\/1733130082068-img_1382-150x150.jpeg\" alt=\"\" width=\"150\" height=\"150\" srcset=\"https:\/\/printlayout-und-webdesign.de\/EVP\/wp-content\/uploads\/2024\/12\/1733130082068-img_1382-150x150.jpeg 150w, https:\/\/printlayout-und-webdesign.de\/EVP\/wp-content\/uploads\/2024\/12\/1733130082068-img_1382-300x300.jpeg 300w, https:\/\/printlayout-und-webdesign.de\/EVP\/wp-content\/uploads\/2024\/12\/1733130082068-img_1382-75x75.jpeg 75w\" sizes=\"auto, (max-width: 150px) 100vw, 150px\" \/><\/a> <a href=\"https:\/\/printlayout-und-webdesign.de\/EVP\/wp-content\/uploads\/2024\/12\/1733130082306-img_1373-scaled.jpeg\" rel=\"ghi\"><img loading=\"lazy\" decoding=\"async\" class=\"alignnone wp-image-104 size-thumbnail\" src=\"https:\/\/printlayout-und-webdesign.de\/EVP\/wp-content\/uploads\/2024\/12\/1733130082306-img_1373-150x150.jpeg\" alt=\"\" width=\"150\" height=\"150\" srcset=\"https:\/\/printlayout-und-webdesign.de\/EVP\/wp-content\/uploads\/2024\/12\/1733130082306-img_1373-150x150.jpeg 150w, https:\/\/printlayout-und-webdesign.de\/EVP\/wp-content\/uploads\/2024\/12\/1733130082306-img_1373-300x300.jpeg 300w, https:\/\/printlayout-und-webdesign.de\/EVP\/wp-content\/uploads\/2024\/12\/1733130082306-img_1373-75x75.jpeg 75w\" sizes=\"auto, (max-width: 150px) 100vw, 150px\" \/><\/a><\/p>\n<\/div>\n<\/div><\/div><div id=\"panel-50-3-0-2\" class=\"so-panel widget widget_sow-video panel-last-child\" data-index=\"13\" ><div\n\t\t\t\n\t\t\tclass=\"so-widget-sow-video so-widget-sow-video-default-f379b959fc93-50\"\n\t\t\t\n\t\t>\n<div class=\"sow-video-wrapper\n\">\n\t\t\t<video\n\t\t\tid=\"sow-player-7\" class=\"sow-video-widget\" preload=\"auto\" style=\"width:100%;height:100%;\" controls \t\t>\n\t\t\t\t\t\t\t<source type=\"video\/mp4\" src=\"https:\/\/printlayout-und-webdesign.de\/EVP\/wp-content\/uploads\/2024\/12\/froehlich.mp4\"\/>\n\t\t\t\t\t<\/video>\n\t<\/div>\n<\/div><\/div><\/div><\/div><div id=\"pg-50-4\"  class=\"panel-grid panel-no-style\" ><div id=\"pgc-50-4-0\"  class=\"panel-grid-cell\" ><div id=\"panel-50-4-0-0\" class=\"so-panel widget widget_sow-editor panel-first-child\" data-index=\"14\" ><div\n\t\t\t\n\t\t\tclass=\"so-widget-sow-editor so-widget-sow-editor-base\"\n\t\t\t\n\t\t><h3 class=\"widget-title\">Schulband<\/h3>\n<div class=\"siteorigin-widget-tinymce textwidget\">\n\t<p>Am Mittwoch, dem 4.12.2024, haben wir die Schulband bei ihrer Probe begleitet und ein Interview mit dem Bandleiter Herrn Kr\u00fc\u00dfmann gef\u00fchrt.<\/p>\n<\/div>\n<\/div><\/div><div id=\"panel-50-4-0-1\" class=\"so-panel widget widget_sow-video panel-last-child\" data-index=\"15\" ><div\n\t\t\t\n\t\t\tclass=\"so-widget-sow-video so-widget-sow-video-default-f379b959fc93-50\"\n\t\t\t\n\t\t>\n<div class=\"sow-video-wrapper\n\">\n\t\t\t<video\n\t\t\tid=\"sow-player-8\" class=\"sow-video-widget\" preload=\"auto\" style=\"width:100%;height:100%;\" controls \t\t>\n\t\t\t\t\t\t\t<source type=\"video\/mp4\" src=\"https:\/\/printlayout-und-webdesign.de\/EVP\/wp-content\/uploads\/2024\/12\/Schulband.mp4\"\/>\n\t\t\t\t\t<\/video>\n\t<\/div>\n<\/div><\/div><\/div><\/div><\/div>","protected":false},"excerpt":{"rendered":"<p>Am Freitag, dem 29.11.2024, besuchten wir die 5a im ersten Block mit ihrer Musiklehrerin Frau Franz. Erst haben sie das Lied &#8222;Mein kleiner gr\u00fcner Kaktus&#8220; gesungen und sich dazu Gestiken \u00fcberlegt, was ihr im Video auch sehen k\u00f6nnt. Anschlie\u00dfend haben sie sich mit der Musiktheorie der Holzblasinstrumente besch\u00e4ftigt. Zum Schluss konnten wir noch ein Interview mit Frau Franz und ein paar Kindern f\u00fchren. Am Montag, dem 2.12.2024, haben wir den Schulchor besucht und uns ein paar der St\u00fccke angesehen. Ein paar Ausschnitte der Probe seht ihr in den Videos unten.<\/p>\n","protected":false},"author":1,"featured_media":0,"parent":0,"menu_order":2,"comment_status":"closed","ping_status":"closed","template":"","meta":{"footnotes":""},"class_list":["post-50","page","type-page","status-publish","hentry"],"_links":{"self":[{"href":"https:\/\/printlayout-und-webdesign.de\/EVP\/wp-json\/wp\/v2\/pages\/50","targetHints":{"allow":["GET"]}}],"collection":[{"href":"https:\/\/printlayout-und-webdesign.de\/EVP\/wp-json\/wp\/v2\/pages"}],"about":[{"href":"https:\/\/printlayout-und-webdesign.de\/EVP\/wp-json\/wp\/v2\/types\/page"}],"author":[{"embeddable":true,"href":"https:\/\/printlayout-und-webdesign.de\/EVP\/wp-json\/wp\/v2\/users\/1"}],"replies":[{"embeddable":true,"href":"https:\/\/printlayout-und-webdesign.de\/EVP\/wp-json\/wp\/v2\/comments?post=50"}],"version-history":[{"count":24,"href":"https:\/\/printlayout-und-webdesign.de\/EVP\/wp-json\/wp\/v2\/pages\/50\/revisions"}],"predecessor-version":[{"id":209,"href":"https:\/\/printlayout-und-webdesign.de\/EVP\/wp-json\/wp\/v2\/pages\/50\/revisions\/209"}],"wp:attachment":[{"href":"https:\/\/printlayout-und-webdesign.de\/EVP\/wp-json\/wp\/v2\/media?parent=50"}],"curies":[{"name":"wp","href":"https:\/\/api.w.org\/{rel}","templated":true}]}}